{"id":162,"date":"2017-11-20T21:27:59","date_gmt":"2017-11-20T20:27:59","guid":{"rendered":"http:\/\/cmediterraneo.com\/?page_id=162"},"modified":"2026-01-07T17:33:57","modified_gmt":"2026-01-07T16:33:57","slug":"intolerancias-y-alergias","status":"publish","type":"page","link":"https:\/\/cmediterraneo.com\/?page_id=162","title":{"rendered":"Intolerancias y alergias"},"content":{"rendered":"\n<p>Es muy frecuente encontrarnos casos en los que los alimentos provocan reacciones adversas, bien sean alergias o intolerancias alimentarias. Aquellas personas que las padecen y acaban de ser diagnosticadas&nbsp;se encuentran ante la incertidumbre de cu\u00e1l es la alimentaci\u00f3n que deben seguir y que alimentos puede o no puede tomar.<\/p>\n\n\n\n<p>Nuestro equipo de nutricionistas tiene experiencia en el manejo de la nutrici\u00f3n en distintos casos de intolerancias o alergias, como por ejemplo al gluten, a la fructosa, a la lactosa, al sorbitol, a las prote\u00ednas transportadoras de l\u00edpidos (LTPs)&#8230;<\/p>\n\n\n\n<blockquote class=\"wp-block-quote is-layout-flow wp-block-quote-is-layout-flow\">\n<h3 class=\"wp-block-heading\"><span style=\"color: #ff6600;\">Te ayudaremos a planificar tus comidas y a variar tus recetas para que estas no sean mon\u00f3tonas&nbsp;<\/span><\/h3>\n<\/blockquote>\n\n\n\n<hr class=\"wp-block-separator has-alpha-channel-opacity\"\/>\n\n\n\n<ul class=\"wp-block-list\">\n<li>Todos nuestros dietistas-nutricionistas\u00a0han cursado <span style=\"color: #008080;\">estudios universitarios<\/span> y han realizado el <span style=\"color: #008080;\">Master Oficial de Nutrici\u00f3n personalizada y cl\u00ednica<\/span>. Adem\u00e1s est\u00e1n cursando el <span style=\"color: #008080;\">Doctorado<\/span> por la Universidad de Valencia.<\/li>\n\n\n\n<li>Siempre <span style=\"color: #008080;\">nos renovamos<\/span>, acudimos a cursos, charlas y conferencias para poder ofrecerte el mejor servicio.<\/li>\n\n\n\n<li><span style=\"color: #008080;\">No repartimos dietas de caj\u00f3n<\/span>, Nuestros men\u00fas est\u00e1n totalmente dise\u00f1amos para ti, teniendo en cuenta tu historial cl\u00ednico, enfermedades, tus gustos, tu trabajo, tus horarios, tu estilo de vida. La dieta se adaptar\u00e1 a ti.<\/li>\n\n\n\n<li><span style=\"color: #008080;\">No vendemos productos<\/span> para perder peso. Nuestro \u00fanico inter\u00e9s es que t\u00fa pierdas peso de forma saludable y permanente, sin trucos ni trampas.<\/li>\n\n\n\n<li>Si necesitas apoyo extra, contar\u00e1s con psic\u00f3logos y entrenador personal.<\/li>\n\n\n\n<li>Nos tendr\u00e1s a tu disposici\u00f3n las <span style=\"color: #008080;\">24 horas<\/span> del d\u00eda mediante el correo o el tel\u00e9fono.<\/li>\n\n\n\n<li>Y por \u00faltimo, y para nosotros el m\u00e1s importante: <span style=\"color: #008080;\">NOS ENCANTA NUESTRO TRABAJO.<\/span><\/li>\n<\/ul>\n\n\n\n<div style=\"height:100px\" aria-hidden=\"true\" class=\"wp-block-spacer\"><\/div>\n\n\n\n<hr class=\"wp-block-separator has-alpha-channel-opacity\"\/>\n\n\n\n<p>&nbsp;<\/p>\n\n\n<style id=\"wpforms-css-vars-859\">\n\t\t\t\t#wpforms-859 {\n\t\t\t\t--wpforms-field-border-style: dashed;\n--wpforms-field-border-color: rgba(0, 0, 0, 0.25);\n--wpforms-field-border-color-spare: rgba(0, 0, 0, 0.25);\n--wpforms-field-text-color: rgba(0, 0, 0, 0.7);\n--wpforms-label-color: rgba(0, 0, 0, 0.85);\n--wpforms-label-sublabel-color: rgba(0, 0, 0, 0.55);\n--wpforms-container-padding: 0px;\n--wpforms-container-border-width: 1px;\n--wpforms-container-border-radius: 3px;\n--wpforms-background-color: rgba(0, 0, 0, 0);\n--wpforms-field-size-input-height: 31px;\n--wpforms-field-size-input-spacing: 10px;\n--wpforms-field-size-font-size: 14px;\n--wpforms-field-size-line-height: 17px;\n--wpforms-field-size-padding-h: 9px;\n--wpforms-field-size-checkbox-size: 14px;\n--wpforms-field-size-sublabel-spacing: 5px;\n--wpforms-field-size-icon-size: 0.75;\n--wpforms-label-size-font-size: 16px;\n--wpforms-label-size-line-height: 19px;\n--wpforms-label-size-sublabel-font-size: 14px;\n--wpforms-label-size-sublabel-line-height: 17px;\n--wpforms-button-size-font-size: 17px;\n--wpforms-button-size-height: 41px;\n--wpforms-button-size-padding-h: 15px;\n--wpforms-button-size-margin-top: 10px;\n--wpforms-container-shadow-size-box-shadow: none;\n\t\t\t}\n\t\t\t<\/style><div class=\"wpforms-container wpforms-container-full wpforms-render-modern\" id=\"wpforms-859\"><form id=\"wpforms-form-859\" class=\"wpforms-validate wpforms-form wpforms-ajax-form\" data-formid=\"859\" method=\"post\" enctype=\"multipart\/form-data\" action=\"\/index.php?rest_route=%2Fwp%2Fv2%2Fpages%2F162\" data-token=\"f7d4084d0404537d2ae5487e104825f6\" data-token-time=\"1777212517\"><noscript class=\"wpforms-error-noscript\">Por favor, activa JavaScript en tu navegador para completar este formulario.<\/noscript><div id=\"wpforms-error-noscript\" style=\"display: none;\">Por favor, activa JavaScript en tu navegador para completar este formulario.<\/div><div class=\"wpforms-field-container\"><div id=\"wpforms-859-field_0-container\" class=\"wpforms-field wpforms-field-name\" data-field-id=\"0\"><label class=\"wpforms-field-label\" for=\"wpforms-859-field_0\">Nombre  <span class=\"wpforms-required-label\" aria-hidden=\"true\">*<\/span><\/label><input type=\"text\" id=\"wpforms-859-field_0\" class=\"wpforms-field-medium wpforms-field-required\" name=\"wpforms[fields][0]\" aria-errormessage=\"wpforms-859-field_0-error\" required><\/div>\t\t<div id=\"wpforms-859-field_4-container\"\n\t\t\tclass=\"wpforms-field wpforms-field-text\"\n\t\t\tdata-field-type=\"text\"\n\t\t\tdata-field-id=\"4\"\n\t\t\t>\n\t\t\t<label class=\"wpforms-field-label\" for=\"wpforms-859-field_4\" >Privacidad Email de<\/label>\n\t\t\t<input type=\"text\" id=\"wpforms-859-field_4\" class=\"wpforms-field-medium\" name=\"wpforms[fields][4]\" >\n\t\t<\/div>\n\t\t<div id=\"wpforms-859-field_1-container\" class=\"wpforms-field wpforms-field-email\" data-field-id=\"1\"><label class=\"wpforms-field-label\" for=\"wpforms-859-field_1\">Email <span class=\"wpforms-required-label\" aria-hidden=\"true\">*<\/span><\/label><input type=\"email\" id=\"wpforms-859-field_1\" class=\"wpforms-field-medium wpforms-field-required\" name=\"wpforms[fields][1]\" spellcheck=\"false\" aria-errormessage=\"wpforms-859-field_1-error\" required><\/div><div id=\"wpforms-859-field_2-container\" class=\"wpforms-field wpforms-field-textarea\" data-field-id=\"2\"><label class=\"wpforms-field-label\" for=\"wpforms-859-field_2\">motivo de consulta <span class=\"wpforms-required-label\" aria-hidden=\"true\">*<\/span><\/label><textarea id=\"wpforms-859-field_2\" class=\"wpforms-field-medium wpforms-field-required\" name=\"wpforms[fields][2]\" aria-errormessage=\"wpforms-859-field_2-error\" required><\/textarea><\/div><div id=\"wpforms-859-field_3-container\" class=\"wpforms-field wpforms-field-checkbox\" data-field-id=\"3\"><fieldset><legend class=\"wpforms-field-label\">Pol\u00edtica de Privacidad y tratamiento de datos personales. <span class=\"wpforms-required-label\" aria-hidden=\"true\">*<\/span><\/legend><ul id=\"wpforms-859-field_3\" class=\"wpforms-field-required\"><li class=\"choice-1 depth-1\"><input type=\"checkbox\" id=\"wpforms-859-field_3_1\" name=\"wpforms[fields][3][]\" value=\"He le\u00eddo y acepto la Pol\u00edtica de Privacidad y consiento el tratamiento de mis datos personales conforme al Reglamento (UE) 2016\/679 (RGPD) y la LOPDGDD\" aria-errormessage=\"wpforms-859-field_3_1-error\" aria-describedby=\"wpforms-859-field_3-description\" required ><label class=\"wpforms-field-label-inline\" for=\"wpforms-859-field_3_1\">He le\u00eddo y acepto la Pol\u00edtica de Privacidad y consiento el tratamiento de mis datos personales conforme al Reglamento (UE) 2016\/679 (RGPD) y la LOPDGDD<\/label><\/li><\/ul><div id=\"wpforms-859-field_3-description\" class=\"wpforms-field-description wpforms-disclaimer-description\">Responsable: Centro Mediterr\u00e1neo.<br \/>\nFinalidad: Gestionar y atender su solicitud de informaci\u00f3n o contacto.<br \/>\nLegitimaci\u00f3n: Consentimiento del interesado.<br \/>\nDestinatarios: No se ceder\u00e1n datos a terceros, salvo obligaci\u00f3n legal.<br \/>\nDerechos: Puede acceder, rectificar y suprimir sus datos, as\u00ed como ejercer otros derechos, seg\u00fan se detalla en la Pol\u00edtica de Privacidad.<\/div><\/fieldset><\/div><script>\n\t\t\t\t( function() {\n\t\t\t\t\tconst style = document.createElement( 'style' );\n\t\t\t\t\tstyle.appendChild( document.createTextNode( '#wpforms-859-field_4-container { position: absolute !important; overflow: hidden !important; display: inline !important; height: 1px !important; width: 1px !important; z-index: -1000 !important; padding: 0 !important; } #wpforms-859-field_4-container input { visibility: hidden; } #wpforms-conversational-form-page #wpforms-859-field_4-container label { counter-increment: none; }' ) );\n\t\t\t\t\tdocument.head.appendChild( style );\n\t\t\t\t\tdocument.currentScript?.remove();\n\t\t\t\t} )();\n\t\t\t<\/script><\/div><!-- .wpforms-field-container --><div class=\"wpforms-submit-container\" ><input type=\"hidden\" name=\"wpforms[id]\" value=\"859\"><input type=\"hidden\" name=\"page_title\" value=\"\"><input type=\"hidden\" name=\"page_url\" value=\"https:\/\/cmediterraneo.com\/index.php?rest_route=\/wp\/v2\/pages\/162\"><input type=\"hidden\" name=\"url_referer\" value=\"\"><button type=\"submit\" name=\"wpforms[submit]\" id=\"wpforms-submit-859\" class=\"wpforms-submit\" data-alt-text=\"Sending...\" data-submit-text=\"Submit\" aria-live=\"assertive\" value=\"wpforms-submit\">Submit<\/button><img loading=\"lazy\" decoding=\"async\" src=\"https:\/\/cmediterraneo.com\/wp-content\/plugins\/wpforms-lite\/assets\/images\/submit-spin.svg\" class=\"wpforms-submit-spinner\" style=\"display: none;\" width=\"26\" height=\"26\" alt=\"Cargando\"><\/div><\/form><\/div>  <!-- .wpforms-container -->\n\n\n\n<p><\/p>\n","protected":false},"excerpt":{"rendered":"<p>Es muy frecuente encontrarnos casos en los que los alimentos provocan reacciones adversas, bien sean alergias o intolerancias alimentarias. Aquellas personas que las padecen y acaban de ser diagnosticadas&nbsp;se encuentran ante la incertidumbre de cu\u00e1l es la alimentaci\u00f3n que deben seguir y que alimentos puede o no puede tomar. Nuestro equipo de nutricionistas tiene experiencia&hellip; <\/p>\n","protected":false},"author":1,"featured_media":0,"parent":0,"menu_order":0,"comment_status":"closed","ping_status":"closed","template":"","meta":{"footnotes":""},"class_list":["post-162","page","type-page","status-publish","hentry"],"yoast_head":"<!-- This site is optimized with the Yoast SEO plugin v26.7 - https:\/\/yoast.com\/wordpress\/plugins\/seo\/ -->\n<title>Intolerancias y alergias - Centro Mediterr\u00e1neo<\/title>\n<meta name=\"robots\" content=\"index, follow, max-snippet:-1, max-image-preview:large, max-video-preview:-1\" \/>\n<link rel=\"canonical\" href=\"https:\/\/cmediterraneo.com\/?page_id=162\" \/>\n<meta property=\"og:locale\" content=\"es_ES\" \/>\n<meta property=\"og:type\" content=\"article\" \/>\n<meta property=\"og:title\" content=\"Intolerancias y alergias - Centro Mediterr\u00e1neo\" \/>\n<meta property=\"og:description\" content=\"Es muy frecuente encontrarnos casos en los que los alimentos provocan reacciones adversas, bien sean alergias o intolerancias alimentarias. Aquellas personas que las padecen y acaban de ser diagnosticadas&nbsp;se encuentran ante la incertidumbre de cu\u00e1l es la alimentaci\u00f3n que deben seguir y que alimentos puede o no puede tomar. Nuestro equipo de nutricionistas tiene experiencia&hellip;\" \/>\n<meta property=\"og:url\" content=\"https:\/\/cmediterraneo.com\/?page_id=162\" \/>\n<meta property=\"og:site_name\" content=\"Centro Mediterr\u00e1neo\" \/>\n<meta property=\"article:modified_time\" content=\"2026-01-07T16:33:57+00:00\" \/>\n<meta name=\"twitter:card\" content=\"summary_large_image\" \/>\n<meta name=\"twitter:label1\" content=\"Tiempo de lectura\" \/>\n\t<meta name=\"twitter:data1\" content=\"2 minutos\" \/>\n<script type=\"application\/ld+json\" class=\"yoast-schema-graph\">{\"@context\":\"https:\/\/schema.org\",\"@graph\":[{\"@type\":\"WebPage\",\"@id\":\"https:\/\/cmediterraneo.com\/?page_id=162\",\"url\":\"https:\/\/cmediterraneo.com\/?page_id=162\",\"name\":\"Intolerancias y alergias - Centro Mediterr\u00e1neo\",\"isPartOf\":{\"@id\":\"https:\/\/cmediterraneo.com\/#website\"},\"datePublished\":\"2017-11-20T20:27:59+00:00\",\"dateModified\":\"2026-01-07T16:33:57+00:00\",\"breadcrumb\":{\"@id\":\"https:\/\/cmediterraneo.com\/?page_id=162#breadcrumb\"},\"inLanguage\":\"es\",\"potentialAction\":[{\"@type\":\"ReadAction\",\"target\":[\"https:\/\/cmediterraneo.com\/?page_id=162\"]}]},{\"@type\":\"BreadcrumbList\",\"@id\":\"https:\/\/cmediterraneo.com\/?page_id=162#breadcrumb\",\"itemListElement\":[{\"@type\":\"ListItem\",\"position\":1,\"name\":\"Portada\",\"item\":\"https:\/\/cmediterraneo.com\/\"},{\"@type\":\"ListItem\",\"position\":2,\"name\":\"Intolerancias y alergias\"}]},{\"@type\":\"WebSite\",\"@id\":\"https:\/\/cmediterraneo.com\/#website\",\"url\":\"https:\/\/cmediterraneo.com\/\",\"name\":\"Centro Mediterr\u00e1neo\",\"description\":\"Diet\u00e9tica y Nutrici\u00f3n\",\"publisher\":{\"@id\":\"https:\/\/cmediterraneo.com\/#organization\"},\"potentialAction\":[{\"@type\":\"SearchAction\",\"target\":{\"@type\":\"EntryPoint\",\"urlTemplate\":\"https:\/\/cmediterraneo.com\/?s={search_term_string}\"},\"query-input\":{\"@type\":\"PropertyValueSpecification\",\"valueRequired\":true,\"valueName\":\"search_term_string\"}}],\"inLanguage\":\"es\"},{\"@type\":\"Organization\",\"@id\":\"https:\/\/cmediterraneo.com\/#organization\",\"name\":\"Centro Mediterr\u00e1neo cl\u00ednica multidisciplinar\",\"url\":\"https:\/\/cmediterraneo.com\/\",\"logo\":{\"@type\":\"ImageObject\",\"inLanguage\":\"es\",\"@id\":\"https:\/\/cmediterraneo.com\/#\/schema\/logo\/image\/\",\"url\":\"https:\/\/cmediterraneo.com\/wp-content\/uploads\/2026\/01\/cropped-Diseno-sin-titulo-4.png\",\"contentUrl\":\"https:\/\/cmediterraneo.com\/wp-content\/uploads\/2026\/01\/cropped-Diseno-sin-titulo-4.png\",\"width\":1563,\"height\":1082,\"caption\":\"Centro Mediterr\u00e1neo cl\u00ednica multidisciplinar\"},\"image\":{\"@id\":\"https:\/\/cmediterraneo.com\/#\/schema\/logo\/image\/\"},\"sameAs\":[\"https:\/\/www.instagram.com\/centro_mediterraneo\/\"]}]}<\/script>\n<!-- \/ Yoast SEO plugin. -->","yoast_head_json":{"title":"Intolerancias y alergias - Centro Mediterr\u00e1neo","robots":{"index":"index","follow":"follow","max-snippet":"max-snippet:-1","max-image-preview":"max-image-preview:large","max-video-preview":"max-video-preview:-1"},"canonical":"https:\/\/cmediterraneo.com\/?page_id=162","og_locale":"es_ES","og_type":"article","og_title":"Intolerancias y alergias - Centro Mediterr\u00e1neo","og_description":"Es muy frecuente encontrarnos casos en los que los alimentos provocan reacciones adversas, bien sean alergias o intolerancias alimentarias. Aquellas personas que las padecen y acaban de ser diagnosticadas&nbsp;se encuentran ante la incertidumbre de cu\u00e1l es la alimentaci\u00f3n que deben seguir y que alimentos puede o no puede tomar. Nuestro equipo de nutricionistas tiene experiencia&hellip;","og_url":"https:\/\/cmediterraneo.com\/?page_id=162","og_site_name":"Centro Mediterr\u00e1neo","article_modified_time":"2026-01-07T16:33:57+00:00","twitter_card":"summary_large_image","twitter_misc":{"Tiempo de lectura":"2 minutos"},"schema":{"@context":"https:\/\/schema.org","@graph":[{"@type":"WebPage","@id":"https:\/\/cmediterraneo.com\/?page_id=162","url":"https:\/\/cmediterraneo.com\/?page_id=162","name":"Intolerancias y alergias - Centro Mediterr\u00e1neo","isPartOf":{"@id":"https:\/\/cmediterraneo.com\/#website"},"datePublished":"2017-11-20T20:27:59+00:00","dateModified":"2026-01-07T16:33:57+00:00","breadcrumb":{"@id":"https:\/\/cmediterraneo.com\/?page_id=162#breadcrumb"},"inLanguage":"es","potentialAction":[{"@type":"ReadAction","target":["https:\/\/cmediterraneo.com\/?page_id=162"]}]},{"@type":"BreadcrumbList","@id":"https:\/\/cmediterraneo.com\/?page_id=162#breadcrumb","itemListElement":[{"@type":"ListItem","position":1,"name":"Portada","item":"https:\/\/cmediterraneo.com\/"},{"@type":"ListItem","position":2,"name":"Intolerancias y alergias"}]},{"@type":"WebSite","@id":"https:\/\/cmediterraneo.com\/#website","url":"https:\/\/cmediterraneo.com\/","name":"Centro Mediterr\u00e1neo","description":"Diet\u00e9tica y Nutrici\u00f3n","publisher":{"@id":"https:\/\/cmediterraneo.com\/#organization"},"potentialAction":[{"@type":"SearchAction","target":{"@type":"EntryPoint","urlTemplate":"https:\/\/cmediterraneo.com\/?s={search_term_string}"},"query-input":{"@type":"PropertyValueSpecification","valueRequired":true,"valueName":"search_term_string"}}],"inLanguage":"es"},{"@type":"Organization","@id":"https:\/\/cmediterraneo.com\/#organization","name":"Centro Mediterr\u00e1neo cl\u00ednica multidisciplinar","url":"https:\/\/cmediterraneo.com\/","logo":{"@type":"ImageObject","inLanguage":"es","@id":"https:\/\/cmediterraneo.com\/#\/schema\/logo\/image\/","url":"https:\/\/cmediterraneo.com\/wp-content\/uploads\/2026\/01\/cropped-Diseno-sin-titulo-4.png","contentUrl":"https:\/\/cmediterraneo.com\/wp-content\/uploads\/2026\/01\/cropped-Diseno-sin-titulo-4.png","width":1563,"height":1082,"caption":"Centro Mediterr\u00e1neo cl\u00ednica multidisciplinar"},"image":{"@id":"https:\/\/cmediterraneo.com\/#\/schema\/logo\/image\/"},"sameAs":["https:\/\/www.instagram.com\/centro_mediterraneo\/"]}]}},"_links":{"self":[{"href":"https:\/\/cmediterraneo.com\/index.php?rest_route=\/wp\/v2\/pages\/162","targetHints":{"allow":["GET"]}}],"collection":[{"href":"https:\/\/cmediterraneo.com\/index.php?rest_route=\/wp\/v2\/pages"}],"about":[{"href":"https:\/\/cmediterraneo.com\/index.php?rest_route=\/wp\/v2\/types\/page"}],"author":[{"embeddable":true,"href":"https:\/\/cmediterraneo.com\/index.php?rest_route=\/wp\/v2\/users\/1"}],"replies":[{"embeddable":true,"href":"https:\/\/cmediterraneo.com\/index.php?rest_route=%2Fwp%2Fv2%2Fcomments&post=162"}],"version-history":[{"count":5,"href":"https:\/\/cmediterraneo.com\/index.php?rest_route=\/wp\/v2\/pages\/162\/revisions"}],"predecessor-version":[{"id":870,"href":"https:\/\/cmediterraneo.com\/index.php?rest_route=\/wp\/v2\/pages\/162\/revisions\/870"}],"wp:attachment":[{"href":"https:\/\/cmediterraneo.com\/index.php?rest_route=%2Fwp%2Fv2%2Fmedia&parent=162"}],"curies":[{"name":"wp","href":"https:\/\/api.w.org\/{rel}","templated":true}]}}